{"id":19693,"date":"2018-09-18T19:29:52","date_gmt":"2018-09-18T19:29:52","guid":{"rendered":"http:\/\/novo.gruporazente.com.br\/?page_id=19693"},"modified":"2018-10-03T18:08:49","modified_gmt":"2018-10-03T18:08:49","slug":"casas-para-locacao","status":"publish","type":"page","link":"https:\/\/www.imobiliariamanzotti.com.br\/index.php\/casas-para-locacao\/","title":{"rendered":"Casas para loca\u00e7\u00e3o"},"content":{"rendered":"<p>[vc_row][vc_column]<div class=\"article_container slider_container bottom-estate_property nobutton\" ><div class=\"shortcode_slider_wrapper\" ><div class=\"shortcode_slider_list\" data-items-per-row=\"4\"  data-auto=\"1000\" ><div class=\" slider_prop_wrapper   \" >  \n\n\n\n<div class=\"col-md- shortcode-col has_4per_row  listing_wrapper\" data-org=\"4\" data-listid=\"28151\" > \n    <div class=\"property_listing   \" data-link=\"https:\/\/www.imobiliariamanzotti.com.br\/index.php\/imovel\/rua-hassan-ghane-hachicho-n-173\/\">\n        \n        <div class=\"listing-unit-img-wrapper\"><div class=\"prop_new_details\"><div class=\"prop_new_details_back\"><\/div><div class=\"property_media\"><i class=\"fa fa-camera\" aria-hidden=\"true\"><\/i> 12\n                <\/div><div class=\"property_location_image\"> \n                    <span class=\"property_marker\"><\/span><a href=\"https:\/\/www.imobiliariamanzotti.com.br\/index.php\/area\/requiao-iii\/\" rel=\"tag\">Requi\u00e3o III<\/a>, <a href=\"https:\/\/www.imobiliariamanzotti.com.br\/index.php\/cidade\/nova-esperanca\/\" rel=\"tag\">Nova Esperan\u00e7a<\/a><\/div><\/div><a href=\"https:\/\/www.imobiliariamanzotti.com.br\/index.php\/imovel\/rua-hassan-ghane-hachicho-n-173\/\"><img width=\"525\" height=\"328\" src=\"https:\/\/www.imobiliariamanzotti.com.br\/wp-content\/uploads\/2026\/04\/1-2-525x328.jpeg\" class=\"lazyload img-responsive wp-post-image\" alt=\"\" decoding=\"async\" loading=\"lazy\" data-original=\"https:\/\/www.imobiliariamanzotti.com.br\/wp-content\/uploads\/2026\/04\/1-2-525x328.jpeg\" \/><\/a><\/div><div class=\"tag-wrapper\"><\/div>\n\n            <h4><a href=\"https:\/\/www.imobiliariamanzotti.com.br\/index.php\/imovel\/rua-hassan-ghane-hachicho-n-173\/\">\n                Rua Hassan Ghane Hachicho, N\u00b0 173                <\/a> \n            <\/h4> \n            \n            <div class=\"listing_unit_price_wrapper\"><span class=\"price_label price_label_before\"><\/span> R$ 850 <span class=\"price_label\">por m\u00eas<\/span><\/div>        \n        \n        \n           \n        \n                            <div class=\"listing_details the_grid_view\">\n                    Im\u00f3vel em \u00f3tima localiza\u00e7\u00e3o contendo : 03 dormit\u00f3rios 01 banheiro social Sala Cozinha Despensa Lavanderia Garagem                <\/div>\n\n                <div class=\"listing_details the_list_view\">\n                    Im\u00f3vel em \u00f3tima localiza\u00e7\u00e3o contendo : 03 dormit\u00f3rios 01 banheiro social Sala Cozinha Despensa Lavanderia Garagem                <\/div>\n               \n\n\n            <div class=\"property_listing_details\">\n                 <span class=\"inforoom\">3<\/span><span class=\"infobath\">1<\/span><a href=\"https:\/\/www.imobiliariamanzotti.com.br\/index.php\/imovel\/rua-hassan-ghane-hachicho-n-173\/\" class=\"unit_details_x\">full info<\/a>            <\/div>\n               \n            <div class=\"property_location\">\n                    \n                                        <div class=\"property_agent_wrapper\">\n                        <div class=\"property_agent_image\" style=\"background-image:url('https:\/\/www.imobiliariamanzotti.com.br\/wp-content\/uploads\/2026\/04\/1-2-120x120.jpeg')\"><\/div> \n                        <div class=\"property_agent_image_sign\"><i class=\"fa fa-user-circle-o\" aria-hidden=\"true\"><\/i><\/div>\n                        imobiliariamanzotti                    <\/div>\n                \n                                                  <div class=\"listing_actions\">\n\n                                <div class=\"share_unit\">\n                                    <a href=\"https:\/\/www.facebook.com\/sharer.php?u=https:\/\/www.imobiliariamanzotti.com.br\/index.php\/imovel\/rua-hassan-ghane-hachicho-n-173\/&amp;t=Rua+Hassan+Ghane+Hachicho%2C+N%C2%B0+173\" target=\"_blank\" class=\"social_facebook\"><\/a>\n                                    <a href=\"https:\/\/twitter.com\/home?status=Rua+Hassan+Ghane+Hachicho%2C+N%C2%B0+173+https%3A%2F%2Fwww.imobiliariamanzotti.com.br%2Findex.php%2Fimovel%2Frua-hassan-ghane-hachicho-n-173%2F\" class=\"social_tweet\" target=\"_blank\"><\/a>\n                                    <a href=\"https:\/\/plus.google.com\/share?url=https:\/\/www.imobiliariamanzotti.com.br\/index.php\/imovel\/rua-hassan-ghane-hachicho-n-173\/\" onclick=\"javascript:window.open(this.href,'', 'menubar=no,toolbar=no,resizable=yes,scrollbars=yes,height=600,width=600');return false;\" target=\"_blank\" class=\"social_google\"><\/a> \n                                    <a href=\"https:\/\/pinterest.com\/pin\/create\/button\/?url=https:\/\/www.imobiliariamanzotti.com.br\/index.php\/imovel\/rua-hassan-ghane-hachicho-n-173\/&amp;media=https:\/\/www.imobiliariamanzotti.com.br\/wp-content\/uploads\/2026\/04\/1-2.jpeg&amp;description=Rua+Hassan+Ghane+Hachicho%2C+N%C2%B0+173\" target=\"_blank\" class=\"social_pinterest\"><\/a>\n                                <\/div>\n\n\n\n                                <span class=\"share_list\"  data-original-title=\"share\" ><\/span>\n                                <span class=\"icon-fav icon-fav-off\" data-original-title=\"adicionar aos favoritos\" data-postid=\"28151\"><\/span>\n\n                                                            <\/div>\n                        <\/div>        <\/div>             \n    <\/div>\n\n<\/div><div class=\" slider_prop_wrapper   \" >  \n\n\n\n<div class=\"col-md- shortcode-col has_4per_row  listing_wrapper\" data-org=\"4\" data-listid=\"28093\" > \n    <div class=\"property_listing   \" data-link=\"https:\/\/www.imobiliariamanzotti.com.br\/index.php\/imovel\/avenida-13-de-maio-n-110\/\">\n        \n        <div class=\"listing-unit-img-wrapper\"><div class=\"prop_new_details\"><div class=\"prop_new_details_back\"><\/div><div class=\"property_media\"><i class=\"fa fa-camera\" aria-hidden=\"true\"><\/i> 23\n                <\/div><div class=\"property_location_image\"> \n                    <span class=\"property_marker\"><\/span><a href=\"https:\/\/www.imobiliariamanzotti.com.br\/index.php\/area\/nova-esperanca-centro\/\" rel=\"tag\">Centro<\/a>, <a href=\"https:\/\/www.imobiliariamanzotti.com.br\/index.php\/cidade\/nova-esperanca\/\" rel=\"tag\">Nova Esperan\u00e7a<\/a><\/div><\/div><a href=\"https:\/\/www.imobiliariamanzotti.com.br\/index.php\/imovel\/avenida-13-de-maio-n-110\/\"><img width=\"525\" height=\"328\" src=\"https:\/\/www.imobiliariamanzotti.com.br\/wp-content\/uploads\/2026\/03\/WhatsApp-Image-2026-03-23-at-15.05.02-525x328.jpeg\" class=\"lazyload img-responsive wp-post-image\" alt=\"\" decoding=\"async\" loading=\"lazy\" data-original=\"https:\/\/www.imobiliariamanzotti.com.br\/wp-content\/uploads\/2026\/03\/WhatsApp-Image-2026-03-23-at-15.05.02-525x328.jpeg\" \/><\/a><\/div><div class=\"tag-wrapper\"><\/div>\n\n            <h4><a href=\"https:\/\/www.imobiliariamanzotti.com.br\/index.php\/imovel\/avenida-13-de-maio-n-110\/\">\n                Avenida 13 de Maio N\u00b0 110                <\/a> \n            <\/h4> \n            \n            <div class=\"listing_unit_price_wrapper\"><span class=\"price_label price_label_before\"><\/span> R$ 1.600 <span class=\"price_label\">por m\u00eas<\/span><\/div>        \n        \n        \n           \n        \n                            <div class=\"listing_details the_grid_view\">\n                    01\u00a0 SU\u00cdTE 02 QUARTOS 01 BANHEIRO SOCIAL 01 SALA 01 COZINHA (COM MOVEIS PLANEJADOS) 01 DESPENSA 01 LAVANDERIA 01 GAR <a href=\"https:\/\/www.imobiliariamanzotti.com.br\/index.php\/imovel\/avenida-13-de-maio-n-110\/\" class=\"unit_more_x\">[more]<\/a>                <\/div>\n\n                <div class=\"listing_details the_list_view\">\n                    01\u00a0 SU\u00cdTE 02 QUARTOS 01 BANHEIRO SOCIAL 01 SALA 01 COZINHA (COM MOVEIS PLANEJADOS) 01 DESPENSA 01 LAVANDERIA 01 GAR <a href=\"https:\/\/www.imobiliariamanzotti.com.br\/index.php\/imovel\/avenida-13-de-maio-n-110\/\" class=\"unit_more_x\">[more]<\/a>                <\/div>\n               \n\n\n            <div class=\"property_listing_details\">\n                 <span class=\"inforoom\">3<\/span><span class=\"infobath\">2<\/span><a href=\"https:\/\/www.imobiliariamanzotti.com.br\/index.php\/imovel\/avenida-13-de-maio-n-110\/\" class=\"unit_details_x\">full info<\/a>            <\/div>\n               \n            <div class=\"property_location\">\n                    \n                                        <div class=\"property_agent_wrapper\">\n                        <div class=\"property_agent_image\" style=\"background-image:url('https:\/\/www.imobiliariamanzotti.com.br\/wp-content\/uploads\/2026\/03\/WhatsApp-Image-2026-03-23-at-15.05.02-120x120.jpeg')\"><\/div> \n                        <div class=\"property_agent_image_sign\"><i class=\"fa fa-user-circle-o\" aria-hidden=\"true\"><\/i><\/div>\n                        imobiliariamanzotti                    <\/div>\n                \n                                                  <div class=\"listing_actions\">\n\n                                <div class=\"share_unit\">\n                                    <a href=\"https:\/\/www.facebook.com\/sharer.php?u=https:\/\/www.imobiliariamanzotti.com.br\/index.php\/imovel\/avenida-13-de-maio-n-110\/&amp;t=Avenida+13+de+Maio+N%C2%B0+110\" target=\"_blank\" class=\"social_facebook\"><\/a>\n                                    <a href=\"https:\/\/twitter.com\/home?status=Avenida+13+de+Maio+N%C2%B0+110+https%3A%2F%2Fwww.imobiliariamanzotti.com.br%2Findex.php%2Fimovel%2Favenida-13-de-maio-n-110%2F\" class=\"social_tweet\" target=\"_blank\"><\/a>\n                                    <a href=\"https:\/\/plus.google.com\/share?url=https:\/\/www.imobiliariamanzotti.com.br\/index.php\/imovel\/avenida-13-de-maio-n-110\/\" onclick=\"javascript:window.open(this.href,'', 'menubar=no,toolbar=no,resizable=yes,scrollbars=yes,height=600,width=600');return false;\" target=\"_blank\" class=\"social_google\"><\/a> \n                                    <a href=\"https:\/\/pinterest.com\/pin\/create\/button\/?url=https:\/\/www.imobiliariamanzotti.com.br\/index.php\/imovel\/avenida-13-de-maio-n-110\/&amp;media=https:\/\/www.imobiliariamanzotti.com.br\/wp-content\/uploads\/2026\/03\/WhatsApp-Image-2026-03-23-at-15.05.02.jpeg&amp;description=Avenida+13+de+Maio+N%C2%B0+110\" target=\"_blank\" class=\"social_pinterest\"><\/a>\n                                <\/div>\n\n\n\n                                <span class=\"share_list\"  data-original-title=\"share\" ><\/span>\n                                <span class=\"icon-fav icon-fav-off\" data-original-title=\"adicionar aos favoritos\" data-postid=\"28093\"><\/span>\n\n                                                            <\/div>\n                        <\/div>        <\/div>             \n    <\/div>\n\n<\/div><div class=\" slider_prop_wrapper   \" >  \n\n\n\n<div class=\"col-md- shortcode-col has_4per_row  listing_wrapper\" data-org=\"4\" data-listid=\"28079\" > \n    <div class=\"property_listing   \" data-link=\"https:\/\/www.imobiliariamanzotti.com.br\/index.php\/imovel\/rua-lord-lovat-666\/\">\n        \n        <div class=\"listing-unit-img-wrapper\"><div class=\"prop_new_details\"><div class=\"prop_new_details_back\"><\/div><div class=\"property_media\"><i class=\"fa fa-camera\" aria-hidden=\"true\"><\/i> 12\n                <\/div><div class=\"property_location_image\"> \n                    <span class=\"property_marker\"><\/span><a href=\"https:\/\/www.imobiliariamanzotti.com.br\/index.php\/area\/nova-esperanca-centro\/\" rel=\"tag\">Centro<\/a>, <a href=\"https:\/\/www.imobiliariamanzotti.com.br\/index.php\/cidade\/nova-esperanca\/\" rel=\"tag\">Nova Esperan\u00e7a<\/a><\/div><\/div><a href=\"https:\/\/www.imobiliariamanzotti.com.br\/index.php\/imovel\/rua-lord-lovat-666\/\"><img width=\"525\" height=\"328\" src=\"https:\/\/www.imobiliariamanzotti.com.br\/wp-content\/uploads\/2026\/03\/WhatsApp-Image-2026-03-17-at-15.27.00-1-525x328.jpeg\" class=\"lazyload img-responsive wp-post-image\" alt=\"\" decoding=\"async\" loading=\"lazy\" data-original=\"https:\/\/www.imobiliariamanzotti.com.br\/wp-content\/uploads\/2026\/03\/WhatsApp-Image-2026-03-17-at-15.27.00-1-525x328.jpeg\" \/><\/a><\/div><div class=\"tag-wrapper\"><\/div>\n\n            <h4><a href=\"https:\/\/www.imobiliariamanzotti.com.br\/index.php\/imovel\/rua-lord-lovat-666\/\">\n                Rua Lord Lovat, 666                <\/a> \n            <\/h4> \n            \n            <div class=\"listing_unit_price_wrapper\"><span class=\"price_label price_label_before\"><\/span> R$ 1.200 <span class=\"price_label\">por m\u00eas<\/span><\/div>        \n        \n        \n           \n        \n                            <div class=\"listing_details the_grid_view\">\n                    01 Su\u00edte 02 Quartos Sala Copa Cozinha Banheiro Social Lavabo Lavanderia Garagem coberta &nbsp;                <\/div>\n\n                <div class=\"listing_details the_list_view\">\n                    01 Su\u00edte 02 Quartos Sala Copa Cozinha Banheiro Social Lavabo Lavanderia Garagem coberta &nbsp;                <\/div>\n               \n\n\n            <div class=\"property_listing_details\">\n                 <span class=\"inforoom\">3<\/span><span class=\"infobath\">2<\/span><a href=\"https:\/\/www.imobiliariamanzotti.com.br\/index.php\/imovel\/rua-lord-lovat-666\/\" class=\"unit_details_x\">full info<\/a>            <\/div>\n               \n            <div class=\"property_location\">\n                    \n                                        <div class=\"property_agent_wrapper\">\n                        <div class=\"property_agent_image\" style=\"background-image:url('https:\/\/www.imobiliariamanzotti.com.br\/wp-content\/uploads\/2026\/03\/WhatsApp-Image-2026-03-17-at-15.27.00-1-120x120.jpeg')\"><\/div> \n                        <div class=\"property_agent_image_sign\"><i class=\"fa fa-user-circle-o\" aria-hidden=\"true\"><\/i><\/div>\n                        imobiliariamanzotti                    <\/div>\n                \n                                                  <div class=\"listing_actions\">\n\n                                <div class=\"share_unit\">\n                                    <a href=\"https:\/\/www.facebook.com\/sharer.php?u=https:\/\/www.imobiliariamanzotti.com.br\/index.php\/imovel\/rua-lord-lovat-666\/&amp;t=Rua+Lord+Lovat%2C+666\" target=\"_blank\" class=\"social_facebook\"><\/a>\n                                    <a href=\"https:\/\/twitter.com\/home?status=Rua+Lord+Lovat%2C+666+https%3A%2F%2Fwww.imobiliariamanzotti.com.br%2Findex.php%2Fimovel%2Frua-lord-lovat-666%2F\" class=\"social_tweet\" target=\"_blank\"><\/a>\n                                    <a href=\"https:\/\/plus.google.com\/share?url=https:\/\/www.imobiliariamanzotti.com.br\/index.php\/imovel\/rua-lord-lovat-666\/\" onclick=\"javascript:window.open(this.href,'', 'menubar=no,toolbar=no,resizable=yes,scrollbars=yes,height=600,width=600');return false;\" target=\"_blank\" class=\"social_google\"><\/a> \n                                    <a href=\"https:\/\/pinterest.com\/pin\/create\/button\/?url=https:\/\/www.imobiliariamanzotti.com.br\/index.php\/imovel\/rua-lord-lovat-666\/&amp;media=https:\/\/www.imobiliariamanzotti.com.br\/wp-content\/uploads\/2026\/03\/WhatsApp-Image-2026-03-17-at-15.27.00-1-899x790.jpeg&amp;description=Rua+Lord+Lovat%2C+666\" target=\"_blank\" class=\"social_pinterest\"><\/a>\n                                <\/div>\n\n\n\n                                <span class=\"share_list\"  data-original-title=\"share\" ><\/span>\n                                <span class=\"icon-fav icon-fav-off\" data-original-title=\"adicionar aos favoritos\" data-postid=\"28079\"><\/span>\n\n                                                            <\/div>\n                        <\/div>        <\/div>             \n    <\/div>\n\n<\/div><div class=\" slider_prop_wrapper   \" >  \n\n\n\n<div class=\"col-md- shortcode-col has_4per_row  listing_wrapper\" data-org=\"4\" data-listid=\"28045\" > \n    <div class=\"property_listing   \" data-link=\"https:\/\/www.imobiliariamanzotti.com.br\/index.php\/imovel\/avenida-14-de-dezembro-n260-b\/\">\n        \n        <div class=\"listing-unit-img-wrapper\"><div class=\"prop_new_details\"><div class=\"prop_new_details_back\"><\/div><div class=\"property_media\"><i class=\"fa fa-camera\" aria-hidden=\"true\"><\/i> 18\n                <\/div><div class=\"property_location_image\"> \n                    <span class=\"property_marker\"><\/span><a href=\"https:\/\/www.imobiliariamanzotti.com.br\/index.php\/area\/nova-esperanca-centro\/\" rel=\"tag\">Centro<\/a>, <a href=\"https:\/\/www.imobiliariamanzotti.com.br\/index.php\/cidade\/nova-esperanca\/\" rel=\"tag\">Nova Esperan\u00e7a<\/a><\/div><\/div><a href=\"https:\/\/www.imobiliariamanzotti.com.br\/index.php\/imovel\/avenida-14-de-dezembro-n260-b\/\"><img width=\"525\" height=\"328\" src=\"https:\/\/www.imobiliariamanzotti.com.br\/wp-content\/uploads\/2026\/03\/WhatsApp-Image-2026-03-13-at-10.32.46-525x328.jpeg\" class=\"lazyload img-responsive wp-post-image\" alt=\"\" decoding=\"async\" loading=\"lazy\" data-original=\"https:\/\/www.imobiliariamanzotti.com.br\/wp-content\/uploads\/2026\/03\/WhatsApp-Image-2026-03-13-at-10.32.46-525x328.jpeg\" \/><\/a><\/div><div class=\"tag-wrapper\"><\/div>\n\n            <h4><a href=\"https:\/\/www.imobiliariamanzotti.com.br\/index.php\/imovel\/avenida-14-de-dezembro-n260-b\/\">\n                Avenida 14 de Dezembro  n\u00b0260 B                <\/a> \n            <\/h4> \n            \n            <div class=\"listing_unit_price_wrapper\"><span class=\"price_label price_label_before\"><\/span> R$ 1.700 <span class=\"price_label\"><\/span><\/div>        \n        \n        \n           \n        \n                            <div class=\"listing_details the_grid_view\">\n                    Im\u00f3vel contento 03 dormit\u00f3rios, sendo 01 su\u00edte Sala Cozinha Lavanderia dispensa Garagem para um carro                <\/div>\n\n                <div class=\"listing_details the_list_view\">\n                    Im\u00f3vel contento 03 dormit\u00f3rios, sendo 01 su\u00edte Sala Cozinha Lavanderia dispensa Garagem para um carro                <\/div>\n               \n\n\n            <div class=\"property_listing_details\">\n                <a href=\"https:\/\/www.imobiliariamanzotti.com.br\/index.php\/imovel\/avenida-14-de-dezembro-n260-b\/\" class=\"unit_details_x\">full info<\/a>            <\/div>\n               \n            <div class=\"property_location\">\n                    \n                                        <div class=\"property_agent_wrapper\">\n                        <div class=\"property_agent_image\" style=\"background-image:url('https:\/\/www.imobiliariamanzotti.com.br\/wp-content\/uploads\/2026\/03\/WhatsApp-Image-2026-03-13-at-10.32.46-120x120.jpeg')\"><\/div> \n                        <div class=\"property_agent_image_sign\"><i class=\"fa fa-user-circle-o\" aria-hidden=\"true\"><\/i><\/div>\n                        imobiliariamanzotti                    <\/div>\n                \n                                                  <div class=\"listing_actions\">\n\n                                <div class=\"share_unit\">\n                                    <a href=\"https:\/\/www.facebook.com\/sharer.php?u=https:\/\/www.imobiliariamanzotti.com.br\/index.php\/imovel\/avenida-14-de-dezembro-n260-b\/&amp;t=Avenida+14+de+Dezembro++n%C2%B0260+B\" target=\"_blank\" class=\"social_facebook\"><\/a>\n                                    <a href=\"https:\/\/twitter.com\/home?status=Avenida+14+de+Dezembro++n%C2%B0260+B+https%3A%2F%2Fwww.imobiliariamanzotti.com.br%2Findex.php%2Fimovel%2Favenida-14-de-dezembro-n260-b%2F\" class=\"social_tweet\" target=\"_blank\"><\/a>\n                                    <a href=\"https:\/\/plus.google.com\/share?url=https:\/\/www.imobiliariamanzotti.com.br\/index.php\/imovel\/avenida-14-de-dezembro-n260-b\/\" onclick=\"javascript:window.open(this.href,'', 'menubar=no,toolbar=no,resizable=yes,scrollbars=yes,height=600,width=600');return false;\" target=\"_blank\" class=\"social_google\"><\/a> \n                                    <a href=\"https:\/\/pinterest.com\/pin\/create\/button\/?url=https:\/\/www.imobiliariamanzotti.com.br\/index.php\/imovel\/avenida-14-de-dezembro-n260-b\/&amp;media=https:\/\/www.imobiliariamanzotti.com.br\/wp-content\/uploads\/2026\/03\/WhatsApp-Image-2026-03-13-at-10.32.46-1599x790.jpeg&amp;description=Avenida+14+de+Dezembro++n%C2%B0260+B\" target=\"_blank\" class=\"social_pinterest\"><\/a>\n                                <\/div>\n\n\n\n                                <span class=\"share_list\"  data-original-title=\"share\" ><\/span>\n                                <span class=\"icon-fav icon-fav-off\" data-original-title=\"adicionar aos favoritos\" data-postid=\"28045\"><\/span>\n\n                                                            <\/div>\n                        <\/div>        <\/div>             \n    <\/div>\n\n<\/div><div class=\" slider_prop_wrapper   \" >  \n\n\n\n<div class=\"col-md- shortcode-col has_4per_row  listing_wrapper\" data-org=\"4\" data-listid=\"27980\" > \n    <div class=\"property_listing   \" data-link=\"https:\/\/www.imobiliariamanzotti.com.br\/index.php\/imovel\/avenida-santos-dumont-1337-2\/\">\n        \n        <div class=\"listing-unit-img-wrapper\"><div class=\"prop_new_details\"><div class=\"prop_new_details_back\"><\/div><div class=\"property_media\"><i class=\"fa fa-camera\" aria-hidden=\"true\"><\/i> 12\n                <\/div><div class=\"property_location_image\"> \n                    <span class=\"property_marker\"><\/span><a href=\"https:\/\/www.imobiliariamanzotti.com.br\/index.php\/area\/nova-esperanca-centro\/\" rel=\"tag\">Centro<\/a>, <a href=\"https:\/\/www.imobiliariamanzotti.com.br\/index.php\/cidade\/nova-esperanca\/\" rel=\"tag\">Nova Esperan\u00e7a<\/a><\/div><\/div><a href=\"https:\/\/www.imobiliariamanzotti.com.br\/index.php\/imovel\/avenida-santos-dumont-1337-2\/\"><img width=\"525\" height=\"328\" src=\"https:\/\/www.imobiliariamanzotti.com.br\/wp-content\/uploads\/2026\/02\/WhatsApp-Image-2026-02-10-at-11.12.09-525x328.jpeg\" class=\"lazyload img-responsive wp-post-image\" alt=\"\" decoding=\"async\" loading=\"lazy\" data-original=\"https:\/\/www.imobiliariamanzotti.com.br\/wp-content\/uploads\/2026\/02\/WhatsApp-Image-2026-02-10-at-11.12.09-525x328.jpeg\" \/><\/a><\/div><div class=\"tag-wrapper\"><\/div>\n\n            <h4><a href=\"https:\/\/www.imobiliariamanzotti.com.br\/index.php\/imovel\/avenida-santos-dumont-1337-2\/\">\n                Avenida Santos Dumont 1337                <\/a> \n            <\/h4> \n            \n            <div class=\"listing_unit_price_wrapper\"><span class=\"price_label price_label_before\"><\/span> R$ 1.600 <span class=\"price_label\"><\/span><\/div>        \n        \n        \n           \n        \n                            <div class=\"listing_details the_grid_view\">\n                    Im\u00f3vel em \u00f3tima localiza\u00e7\u00e3o contendo : 03 dormit\u00f3rios, sendo uma su\u00edte 01 banheiro social Sala Cozinha \u00c1rea com chu <a href=\"https:\/\/www.imobiliariamanzotti.com.br\/index.php\/imovel\/avenida-santos-dumont-1337-2\/\" class=\"unit_more_x\">[more]<\/a>                <\/div>\n\n                <div class=\"listing_details the_list_view\">\n                    Im\u00f3vel em \u00f3tima localiza\u00e7\u00e3o contendo : 03 dormit\u00f3rios, sendo uma su\u00edte 01 banheiro social Sala Cozinha \u00c1rea com chu <a href=\"https:\/\/www.imobiliariamanzotti.com.br\/index.php\/imovel\/avenida-santos-dumont-1337-2\/\" class=\"unit_more_x\">[more]<\/a>                <\/div>\n               \n\n\n            <div class=\"property_listing_details\">\n                <a href=\"https:\/\/www.imobiliariamanzotti.com.br\/index.php\/imovel\/avenida-santos-dumont-1337-2\/\" class=\"unit_details_x\">full info<\/a>            <\/div>\n               \n            <div class=\"property_location\">\n                    \n                                        <div class=\"property_agent_wrapper\">\n                        <div class=\"property_agent_image\" style=\"background-image:url('https:\/\/www.imobiliariamanzotti.com.br\/wp-content\/uploads\/2026\/02\/WhatsApp-Image-2026-02-10-at-11.12.09-120x120.jpeg')\"><\/div> \n                        <div class=\"property_agent_image_sign\"><i class=\"fa fa-user-circle-o\" aria-hidden=\"true\"><\/i><\/div>\n                        imobiliariamanzotti                    <\/div>\n                \n                                                  <div class=\"listing_actions\">\n\n                                <div class=\"share_unit\">\n                                    <a href=\"https:\/\/www.facebook.com\/sharer.php?u=https:\/\/www.imobiliariamanzotti.com.br\/index.php\/imovel\/avenida-santos-dumont-1337-2\/&amp;t=Avenida+Santos+Dumont+1337\" target=\"_blank\" class=\"social_facebook\"><\/a>\n                                    <a href=\"https:\/\/twitter.com\/home?status=Avenida+Santos+Dumont+1337+https%3A%2F%2Fwww.imobiliariamanzotti.com.br%2Findex.php%2Fimovel%2Favenida-santos-dumont-1337-2%2F\" class=\"social_tweet\" target=\"_blank\"><\/a>\n                                    <a href=\"https:\/\/plus.google.com\/share?url=https:\/\/www.imobiliariamanzotti.com.br\/index.php\/imovel\/avenida-santos-dumont-1337-2\/\" onclick=\"javascript:window.open(this.href,'', 'menubar=no,toolbar=no,resizable=yes,scrollbars=yes,height=600,width=600');return false;\" target=\"_blank\" class=\"social_google\"><\/a> \n                                    <a href=\"https:\/\/pinterest.com\/pin\/create\/button\/?url=https:\/\/www.imobiliariamanzotti.com.br\/index.php\/imovel\/avenida-santos-dumont-1337-2\/&amp;media=https:\/\/www.imobiliariamanzotti.com.br\/wp-content\/uploads\/2026\/02\/WhatsApp-Image-2026-02-10-at-11.12.09.jpeg&amp;description=Avenida+Santos+Dumont+1337\" target=\"_blank\" class=\"social_pinterest\"><\/a>\n                                <\/div>\n\n\n\n                                <span class=\"share_list\"  data-original-title=\"share\" ><\/span>\n                                <span class=\"icon-fav icon-fav-off\" data-original-title=\"adicionar aos favoritos\" data-postid=\"27980\"><\/span>\n\n                                                            <\/div>\n                        <\/div>        <\/div>             \n    <\/div>\n\n<\/div><div class=\" slider_prop_wrapper   \" >  \n\n\n\n<div class=\"col-md- shortcode-col has_4per_row  listing_wrapper\" data-org=\"4\" data-listid=\"27871\" > \n    <div class=\"property_listing   \" data-link=\"https:\/\/www.imobiliariamanzotti.com.br\/index.php\/imovel\/avenida-14-de-dezembro-789-condominio-manza\/\">\n        \n        <div class=\"listing-unit-img-wrapper\"><div class=\"prop_new_details\"><div class=\"prop_new_details_back\"><\/div><div class=\"property_media\"><i class=\"fa fa-camera\" aria-hidden=\"true\"><\/i> 17\n                <\/div><div class=\"property_location_image\"> \n                    <span class=\"property_marker\"><\/span><a href=\"https:\/\/www.imobiliariamanzotti.com.br\/index.php\/area\/nova-esperanca-centro\/\" rel=\"tag\">Centro<\/a>, <a href=\"https:\/\/www.imobiliariamanzotti.com.br\/index.php\/cidade\/nova-esperanca\/\" rel=\"tag\">Nova Esperan\u00e7a<\/a><\/div><\/div><a href=\"https:\/\/www.imobiliariamanzotti.com.br\/index.php\/imovel\/avenida-14-de-dezembro-789-condominio-manza\/\"><img width=\"525\" height=\"328\" src=\"https:\/\/www.imobiliariamanzotti.com.br\/wp-content\/uploads\/2026\/01\/20181217_134155-525x328.jpg\" class=\"lazyload img-responsive wp-post-image\" alt=\"\" decoding=\"async\" loading=\"lazy\" data-original=\"https:\/\/www.imobiliariamanzotti.com.br\/wp-content\/uploads\/2026\/01\/20181217_134155-525x328.jpg\" \/><\/a><\/div><div class=\"tag-wrapper\"><\/div>\n\n            <h4><a href=\"https:\/\/www.imobiliariamanzotti.com.br\/index.php\/imovel\/avenida-14-de-dezembro-789-condominio-manza\/\">\n                Avenida 14 de dezembro, 789 Condom\u00ednio Manza                <\/a> \n            <\/h4> \n            \n            <div class=\"listing_unit_price_wrapper\"><span class=\"price_label price_label_before\"><\/span> R$ 862 <span class=\"price_label\">por m\u00eas<\/span><\/div>        \n        \n        \n           \n        \n                            <div class=\"listing_details the_grid_view\">\n                    01 Quarto Sala\/Cozinha Banheiro Social Lavanderia Garagem coberta Valor do aluguel: R$862,00 (Incluso \u00e1gua , g\u00e1s e  <a href=\"https:\/\/www.imobiliariamanzotti.com.br\/index.php\/imovel\/avenida-14-de-dezembro-789-condominio-manza\/\" class=\"unit_more_x\">[more]<\/a>                <\/div>\n\n                <div class=\"listing_details the_list_view\">\n                    01 Quarto Sala\/Cozinha Banheiro Social Lavanderia Garagem coberta Valor do aluguel: R$862,00 (Incluso \u00e1gua , g\u00e1s e  <a href=\"https:\/\/www.imobiliariamanzotti.com.br\/index.php\/imovel\/avenida-14-de-dezembro-789-condominio-manza\/\" class=\"unit_more_x\">[more]<\/a>                <\/div>\n               \n\n\n            <div class=\"property_listing_details\">\n                 <span class=\"inforoom\">1<\/span><span class=\"infobath\">1<\/span><a href=\"https:\/\/www.imobiliariamanzotti.com.br\/index.php\/imovel\/avenida-14-de-dezembro-789-condominio-manza\/\" class=\"unit_details_x\">full info<\/a>            <\/div>\n               \n            <div class=\"property_location\">\n                    \n                                        <div class=\"property_agent_wrapper\">\n                        <div class=\"property_agent_image\" style=\"background-image:url('https:\/\/www.imobiliariamanzotti.com.br\/wp-content\/uploads\/2026\/01\/20181217_134155-120x120.jpg')\"><\/div> \n                        <div class=\"property_agent_image_sign\"><i class=\"fa fa-user-circle-o\" aria-hidden=\"true\"><\/i><\/div>\n                        imobiliariamanzotti                    <\/div>\n                \n                                                  <div class=\"listing_actions\">\n\n                                <div class=\"share_unit\">\n                                    <a href=\"https:\/\/www.facebook.com\/sharer.php?u=https:\/\/www.imobiliariamanzotti.com.br\/index.php\/imovel\/avenida-14-de-dezembro-789-condominio-manza\/&amp;t=Avenida+14+de+dezembro%2C+789+Condom%C3%ADnio+Manza\" target=\"_blank\" class=\"social_facebook\"><\/a>\n                                    <a href=\"https:\/\/twitter.com\/home?status=Avenida+14+de+dezembro%2C+789+Condom%C3%ADnio+Manza+https%3A%2F%2Fwww.imobiliariamanzotti.com.br%2Findex.php%2Fimovel%2Favenida-14-de-dezembro-789-condominio-manza%2F\" class=\"social_tweet\" target=\"_blank\"><\/a>\n                                    <a href=\"https:\/\/plus.google.com\/share?url=https:\/\/www.imobiliariamanzotti.com.br\/index.php\/imovel\/avenida-14-de-dezembro-789-condominio-manza\/\" onclick=\"javascript:window.open(this.href,'', 'menubar=no,toolbar=no,resizable=yes,scrollbars=yes,height=600,width=600');return false;\" target=\"_blank\" class=\"social_google\"><\/a> \n                                    <a href=\"https:\/\/pinterest.com\/pin\/create\/button\/?url=https:\/\/www.imobiliariamanzotti.com.br\/index.php\/imovel\/avenida-14-de-dezembro-789-condominio-manza\/&amp;media=https:\/\/www.imobiliariamanzotti.com.br\/wp-content\/uploads\/2026\/01\/20181217_134155.jpg&amp;description=Avenida+14+de+dezembro%2C+789+Condom%C3%ADnio+Manza\" target=\"_blank\" class=\"social_pinterest\"><\/a>\n                                <\/div>\n\n\n\n                                <span class=\"share_list\"  data-original-title=\"share\" ><\/span>\n                                <span class=\"icon-fav icon-fav-off\" data-original-title=\"adicionar aos favoritos\" data-postid=\"27871\"><\/span>\n\n                                                            <\/div>\n                        <\/div>        <\/div>             \n    <\/div>\n\n<\/div><div class=\" slider_prop_wrapper   \" >  \n\n\n\n<div class=\"col-md- shortcode-col has_4per_row  listing_wrapper\" data-org=\"4\" data-listid=\"27389\" > \n    <div class=\"property_listing   \" data-link=\"https:\/\/www.imobiliariamanzotti.com.br\/index.php\/imovel\/rua-levy-carneiro-205-2\/\">\n        \n        <div class=\"listing-unit-img-wrapper\"><div class=\"prop_new_details\"><div class=\"prop_new_details_back\"><\/div><div class=\"property_media\"><i class=\"fa fa-camera\" aria-hidden=\"true\"><\/i> 17\n                <\/div><div class=\"property_location_image\"> \n                    <span class=\"property_marker\"><\/span><a href=\"https:\/\/www.imobiliariamanzotti.com.br\/index.php\/area\/nova-esperanca-centro\/\" rel=\"tag\">Centro<\/a>, <a href=\"https:\/\/www.imobiliariamanzotti.com.br\/index.php\/cidade\/nova-esperanca\/\" rel=\"tag\">Nova Esperan\u00e7a<\/a><\/div><\/div><a href=\"https:\/\/www.imobiliariamanzotti.com.br\/index.php\/imovel\/rua-levy-carneiro-205-2\/\"><img width=\"525\" height=\"328\" src=\"https:\/\/www.imobiliariamanzotti.com.br\/wp-content\/uploads\/2025\/09\/casa-flavia-525x328.jpg\" class=\"lazyload img-responsive wp-post-image\" alt=\"\" decoding=\"async\" loading=\"lazy\" data-original=\"https:\/\/www.imobiliariamanzotti.com.br\/wp-content\/uploads\/2025\/09\/casa-flavia-525x328.jpg\" \/><\/a><\/div><div class=\"tag-wrapper\"><\/div>\n\n            <h4><a href=\"https:\/\/www.imobiliariamanzotti.com.br\/index.php\/imovel\/rua-levy-carneiro-205-2\/\">\n                Rua Levy Carneiro 205                <\/a> \n            <\/h4> \n            \n            <div class=\"listing_unit_price_wrapper\"><span class=\"price_label price_label_before\"><\/span> R$ 3.500 <span class=\"price_label\">por m\u00eas<\/span><\/div>        \n        \n        \n           \n        \n                            <div class=\"listing_details the_grid_view\">\n                    01 Su\u00edte 03 Quartos Sala Copa\/Cozinha Banheiro Social Ed\u00edcula com 01 quarto, banheiro, cozinha e despensa &nbsp;                <\/div>\n\n                <div class=\"listing_details the_list_view\">\n                    01 Su\u00edte 03 Quartos Sala Copa\/Cozinha Banheiro Social Ed\u00edcula com 01 quarto, banheiro, cozinha e despensa &nbsp;                <\/div>\n               \n\n\n            <div class=\"property_listing_details\">\n                 <span class=\"inforoom\">4<\/span><span class=\"infobath\">3<\/span><a href=\"https:\/\/www.imobiliariamanzotti.com.br\/index.php\/imovel\/rua-levy-carneiro-205-2\/\" class=\"unit_details_x\">full info<\/a>            <\/div>\n               \n            <div class=\"property_location\">\n                    \n                                        <div class=\"property_agent_wrapper\">\n                        <div class=\"property_agent_image\" style=\"background-image:url('https:\/\/www.imobiliariamanzotti.com.br\/wp-content\/uploads\/2025\/09\/casa-flavia-120x120.jpg')\"><\/div> \n                        <div class=\"property_agent_image_sign\"><i class=\"fa fa-user-circle-o\" aria-hidden=\"true\"><\/i><\/div>\n                        imobiliariamanzotti                    <\/div>\n                \n                                                  <div class=\"listing_actions\">\n\n                                <div class=\"share_unit\">\n                                    <a href=\"https:\/\/www.facebook.com\/sharer.php?u=https:\/\/www.imobiliariamanzotti.com.br\/index.php\/imovel\/rua-levy-carneiro-205-2\/&amp;t=Rua+Levy+Carneiro+205\" target=\"_blank\" class=\"social_facebook\"><\/a>\n                                    <a href=\"https:\/\/twitter.com\/home?status=Rua+Levy+Carneiro+205+https%3A%2F%2Fwww.imobiliariamanzotti.com.br%2Findex.php%2Fimovel%2Frua-levy-carneiro-205-2%2F\" class=\"social_tweet\" target=\"_blank\"><\/a>\n                                    <a href=\"https:\/\/plus.google.com\/share?url=https:\/\/www.imobiliariamanzotti.com.br\/index.php\/imovel\/rua-levy-carneiro-205-2\/\" onclick=\"javascript:window.open(this.href,'', 'menubar=no,toolbar=no,resizable=yes,scrollbars=yes,height=600,width=600');return false;\" target=\"_blank\" class=\"social_google\"><\/a> \n                                    <a href=\"https:\/\/pinterest.com\/pin\/create\/button\/?url=https:\/\/www.imobiliariamanzotti.com.br\/index.php\/imovel\/rua-levy-carneiro-205-2\/&amp;media=https:\/\/www.imobiliariamanzotti.com.br\/wp-content\/uploads\/2025\/09\/casa-flavia-1600x790.jpg&amp;description=Rua+Levy+Carneiro+205\" target=\"_blank\" class=\"social_pinterest\"><\/a>\n                                <\/div>\n\n\n\n                                <span class=\"share_list\"  data-original-title=\"share\" ><\/span>\n                                <span class=\"icon-fav icon-fav-off\" data-original-title=\"adicionar aos favoritos\" data-postid=\"27389\"><\/span>\n\n                                                            <\/div>\n                        <\/div>        <\/div>             \n    <\/div>\n\n<\/div><\/div><\/div><\/div>[\/vc_column][\/vc_row]<\/p>\n","protected":false},"excerpt":{"rendered":"<p>[vc_row][vc_column][\/vc_column][\/vc_row]<\/p>\n","protected":false},"author":1,"featured_media":0,"parent":0,"menu_order":0,"comment_status":"closed","ping_status":"closed","template":"","meta":[],"_links":{"self":[{"href":"https:\/\/www.imobiliariamanzotti.com.br\/index.php\/wp-json\/wp\/v2\/pages\/19693"}],"collection":[{"href":"https:\/\/www.imobiliariamanzotti.com.br\/index.php\/wp-json\/wp\/v2\/pages"}],"about":[{"href":"https:\/\/www.imobiliariamanzotti.com.br\/index.php\/wp-json\/wp\/v2\/types\/page"}],"author":[{"embeddable":true,"href":"https:\/\/www.imobiliariamanzotti.com.br\/index.php\/wp-json\/wp\/v2\/users\/1"}],"replies":[{"embeddable":true,"href":"https:\/\/www.imobiliariamanzotti.com.br\/index.php\/wp-json\/wp\/v2\/comments?post=19693"}],"version-history":[{"count":4,"href":"https:\/\/www.imobiliariamanzotti.com.br\/index.php\/wp-json\/wp\/v2\/pages\/19693\/revisions"}],"predecessor-version":[{"id":19918,"href":"https:\/\/www.imobiliariamanzotti.com.br\/index.php\/wp-json\/wp\/v2\/pages\/19693\/revisions\/19918"}],"wp:attachment":[{"href":"https:\/\/www.imobiliariamanzotti.com.br\/index.php\/wp-json\/wp\/v2\/media?parent=19693"}],"curies":[{"name":"wp","href":"https:\/\/api.w.org\/{rel}","templated":true}]}}